{"id":3,"date":"2020-07-28T12:54:26","date_gmt":"2020-07-28T12:54:26","guid":{"rendered":"https:\/\/studiolegalegioffredi.it\/?page_id=3"},"modified":"2020-08-26T22:41:05","modified_gmt":"2020-08-26T22:41:05","slug":"privacy-policy","status":"publish","type":"page","link":"https:\/\/studiolegalegioffredi.it\/en\/privacy-policy\/","title":{"rendered":"Privacy Policy"},"content":{"rendered":"<p><strong>INFORMATIVA AI SENSI ART.13 DEL REGOLAMENTO UE 2016\/679<\/strong><\/p>\n\n\n\n<p><em><u>Il Titolare del trattamento dei dati personali<\/u><\/em><\/p>\n\n\n\n<p>Ai sensi dell\u2019art. 13 del Regolamento UE 2016\/679 (GDPR), l\u2019avv. Arturo Gioffredi domiciliato in Viale Monte Nero, 50 \u2013 20135 Milano \u00e8 il Titolare del trattamento dei Suoi dati personali. Il Titolare La informa che i dati da Lei forniti in relazione ai rapporti giuridici in essere ovvero nella sua interazione con il Titolare in qualit\u00e0 di utente interessato al trattamento saranno oggetto di trattamento nel rispetto della sopra menzionata normativa. Detto trattamento avverr\u00e0 in modo lecito e secondo i principi di cui all\u2019art. 5 del Regolamento UE 2016\/679. Ulteriori comunicazioni potranno essere rese note in un momento successivo, anche verbalmente.<\/p>\n\n\n\n<p>Il Responsabile della protezione dei dati non \u00e8 stato nominato.<\/p>\n\n\n\n<p>L\u2019elenco aggiornato dei responsabili del trattamento e delle persone autorizzate al trattamento \u00e8 custodito presso la sede legale situata in Viale Monte Nero 50 \u2013 20135 Milano.<\/p>\n\n\n\n<p><em><u>Dati oggetto del trattamento<\/u><\/em><\/p>\n\n\n\n<p>L\u2019art. 4 del Regolamento UE 2016\/679 definisce \u201cdato personale\u201d qualsiasi informazione riguardante una persona fisica identificata o identificabile (\u00abinteressato\u00bb); si considera identificabile la persona fisica che pu\u00f2 essere identificata, direttamente o indirettamente, con particolare riferimento a un identificativo come il nome, un numero di identificazione, dati relativi all\u2019ubicazione, un identificativo online o a uno o pi\u00f9 elementi caratteristici della sua identit\u00e0 fisica, fisiologica, genetica, psichica, economica, culturale o sociale. Per \u201ctrattamento di dati personali\u201d deve intendersi qualsiasi operazione o insieme di operazioni, compiute con o senza l\u2019ausilio di processi automatizzati e applicate a dati personali o insiemi di dati personali, come la raccolta, la registrazione, l\u2019organizzazione, la strutturazione, la conservazione, l\u2019adattamento o la modifica, l\u2019estrazione, la consultazione, l\u2019uso, la comunicazione mediante trasmissione, diffusione o qualsiasi altra forma di messa a disposizione, il raffronto o l\u2019interconnessione, la limitazione, la cancellazione o la distruzione. Nello specifico si tratta di dati da Lei conferiti volontariamente per l\u2019esecuzione dei rapporti giuridici in essere con il Titolare del trattamento dei dati personali.<\/p>\n\n\n\n<p>A ci\u00f2 si aggiungono i dati di navigazione, i sistemi informatici e le procedure software preposte al funzionamento di questo sito web, che potrebbero acquisire, nel corso del loro normale esercizio, i suoi dati personali, la cui trasmissione \u00e8 implicita nell\u2019uso dei protocolli di comunicazione di Internet. Si tratta, comunque, di informazioni che non sono raccolte per essere associate a interessati identificati, ma che per loro stessa natura potrebbero, attraverso elaborazioni ed associazioni con dati detenuti da terzi, permettere di identificare gli utenti. In questa categoria di dati rientrano gli indirizzi IP o i nomi a dominio dei computer utilizzati dagli utenti che si connettono al sito, gli indirizzi in notazione URI (Uniform Resource Identifier) delle risorse richieste, l\u2019orario della richiesta, il metodo utilizzato nel sottoporre la richiesta al server, la dimensione del file ottenuto in risposta, il codice numerico indicante lo stato della risposta data dal server (buon fine, errore, etc.) ed altri parametri relativi al sistema operativo e all\u2019ambiente informatico dell\u2019utente. Questi dati vengono utilizzati al solo fine di ricavare informazioni statistiche anonime sull\u2019uso del sito e per controllarne il corretto funzionamento e vengono cancellati immediatamente dopo l\u2019elaborazione. Si rimanda a cookies policy presente sul sito. I dati potrebbero essere utilizzati per l\u2019accertamento di responsabilit\u00e0 in caso di ipotetici reati informatici ai danni del sito o di richieste da parte delle autorit\u00e0.<\/p>\n\n\n\n<p><em><u>Finalit\u00e0 del trattamento<\/u><\/em><\/p>\n\n\n\n<p>Le finalit\u00e0 del trattamento dei Suoi dati personali sono le seguenti:<\/p>\n\n\n\n<p>gestione dei rapporti giuridici in essere e\/o futuri;<\/p>\n\n\n\n<p>adempimenti legati agli obblighi derivanti dai rapporti giuridici di cui sopra;<\/p>\n\n\n\n<p>gestione organizzativa di qualsivoglia rapporto giuridico in essere o in fase di definizione;<\/p>\n\n\n\n<p>assoluzione degli obblighi normativi, contabili e\/o fiscali;<\/p>\n\n\n\n<p>tutela dei diritti contrattuali;<\/p>\n\n\n\n<p>finalit\u00e0 funzionali allo svolgimento di analisi statistiche;<\/p>\n\n\n\n<p>promozione di attivit\u00e0 di marketing e di comunicazione commerciale via e-mail, oppure via telefono o via social, in merito ai servizi prestati dal Titolare, anche per il tramite di partner.<\/p>\n\n\n\n<p><em><u>Durata del trattamento<\/u><\/em><\/p>\n\n\n\n<p>I dati personali relativi alle finalit\u00e0 1, 2, 3, 4, 5 e 6, saranno conservati per tutto il tempo necessario a consentire l\u2019esecuzione dei servizi offerti dal Titolare e per un massimo di 10 (dieci) anni. Trascorso questo periodo di tempo i dati saranno distrutti. I dati trattati per finalit\u00e0 amministrativo contabili saranno comunque conservati, nel rispetto degli obblighi di legge, per un periodo di tempo non superiore a 10 (dieci) anni. In merito, invece, ai dati conferiti per finalit\u00e0 di cui al punto 7, gli stessi saranno trattati per un periodo di tempo massimo di 2 (due) anni e, in riferimento ai soli clienti, tale periodo potr\u00e0 essere prolungato solamente a seguito di rinnovo contrattuale. \u00c8 possibile revocare il consenso a tale trattamento in qualsiasi momento.<\/p>\n\n\n\n<p><em><u>Natura del conferimento dei dati<\/u><\/em><\/p>\n\n\n\n<p>Il trattamento dei dati \u00e8 obbligatorio in relazione alle finalit\u00e0 1 \u2013 6, ossia per adempiere agli obblighi di natura giuridica riguardo ad un rapporto instaurato e per ogni altra finalit\u00e0 connessa a obblighi di legge, regolamenti e normative comunitarie, su richiesta dell\u2019utente; il rifiuto alla comunicazione dei dati impedir\u00e0 al Titolare di adempiere tali obblighi e di conseguenza l\u2019impossibilit\u00e0 di fornirLe i servizi e\/o le prestazioni da Lei richieste. L\u2019invio di comunicazioni per la finalit\u00e0 di cui al punto 7 avverr\u00e0 mediante posta elettronica o cartacea ovvero mediante social. L\u2019interessato potr\u00e0 esercitare in qualsiasi momento i diritti di cui all\u2019art. 7, par. 3, ed agli artt. 15 e ss. del Regolamento UE 2016\/679 ovvero la cessazione di tali comunicazioni, anche manifestando la volont\u00e0 di ricevere comunicazioni esclusivamente attraverso altre modalit\u00e0 di contatto, ove previste. Il conferimento dei Suoi dati ed il consenso al trattamento per le finalit\u00e0 di cui al punto 7 sono del tutto facoltativi. Il mancato conferimento al trattamento dei Suoi dati personali per le finalit\u00e0 sopra indicate comporter\u00e0 l\u2019impossibilit\u00e0 di svolgere attivit\u00e0 relative all\u2019invio di newsletter mediante posta cartacea\/elettronica relative alla promozione delle attivit\u00e0 istituzionali.<\/p>\n\n\n\n<p><em><u>Modalit\u00e0 di trattamento dei dati<\/u><\/em><\/p>\n\n\n\n<p>I dati saranno trattati e archiviati esclusivamente per le finalit\u00e0 sopra indicate mediante l\u2019utilizzo di supporti sia cartacei che informatici, inseriti in pertinenti banche dati e trattati con strumenti idonei a garantire l\u2019integrit\u00e0, la sicurezza e la riservatezza dei dati stessi, in conformit\u00e0 con quanto stabilito dal Regolamento UE 2016\/679. Saranno adottate tutte le misure tecniche ed organizzative adeguate a garantire un livello di protezione dei dati conforme alle previsioni del Regolamento UE 2016\/679. L\u2019accesso sar\u00e0 consentito alle sole persone autorizzate per iscritto al trattamento dei dati personali. I dati potranno essere comunicati e\/o raccolti anche a\/da terze parti (come nei casi di acquisizione di dati da centri di elaborazione o da altre Societ\u00e0). Le stesse saranno opportunamente designate Responsabili del trattamento dei dati personali e saranno coinvolte negli adempimenti richiesti dal rapporto giuridico in essere, nonch\u00e9 da specifici obblighi di legge.<\/p>\n\n\n\n<p><em><u>Comunicazione a terzi e\/o diffusione dei dati<\/u><\/em><\/p>\n\n\n\n<p>Per le finalit\u00e0 di cui ai numeri da 1 a 7, l\u2019Organizzazione La informa che i Suoi dati potrebbero essere comunicati a soggetti esterni, designati per iscritto, qualora ci\u00f2 si renda necessario per adempiere ad un obbligo previsto dalla legge, per eseguire obblighi derivanti da un contratto del quale Lei \u00e8\/sar\u00e0 parte, nonch\u00e9 per adempiere, prima della conclusione del contratto, a Sue specifiche richieste.<\/p>\n\n\n\n<p>I destinatari delle comunicazioni dei dati personali dell\u2019interessato sono individuabili anche nelle seguenti categorie di destinatari:<\/p>\n\n\n\n<p>Organismi di vigilanza, autorit\u00e0 giudiziarie, enti, professionisti, societ\u00e0, pubbliche amministrazioni o altre strutture designate per l\u2019esecuzione di trattamenti connessi all\u2019adempimento degli obblighi amministrativi, contabili e gestionali legati all\u2019ordinario svolgimento dell\u2019attivit\u00e0 economica del Titolare (obblighi legali);<\/p>\n\n\n\n<p>Banche, istituti finanziari, liberi professionisti, studi professionali e consulenti ai quali la comunicazione dei suddetti dati si renda necessaria per lo svolgimento dell\u2019attivit\u00e0 del Titolare e, in particolare, in relazione all\u2019assolvimento degli obblighi contrattuali assunti nei confronti dell\u2019interessato (obblighi contrattuali);<\/p>\n\n\n\n<p>I dati raccolti non verranno in alcun modo diffusi.<\/p>\n\n\n\n<p>Intenzione di trasferimento dei dati all\u2019estero<\/p>\n\n\n\n<p>I dati saranno trasmessi esclusivamente in Italia e nell\u2019ambito dell\u2019Unione europea.<\/p>\n\n\n\n<p><em><u>Diritti di cui al Regolamento UE 2016\/679<\/u><\/em><\/p>\n\n\n\n<p>L\u2019interessato pu\u00f2, in qualsiasi momento, esercitare i diritti di cui all\u2019art. 7, par. 3, ed agli artt. 15 e ss. del Regolamento UE 2016\/679:<\/p>\n\n\n\n<p>a)&nbsp;&nbsp;&nbsp;&nbsp;&nbsp; diritto di accesso ai dati personali;<\/p>\n\n\n\n<p>b)&nbsp;&nbsp;&nbsp;&nbsp;&nbsp; diritto di ottenere la rettifica o la cancellazione degli stessi o la limitazione del trattamento;<\/p>\n\n\n\n<p>c)&nbsp;&nbsp;&nbsp;&nbsp;&nbsp; diritto di opporsi al trattamento;<\/p>\n\n\n\n<p>d)&nbsp;&nbsp;&nbsp;&nbsp; diritto alla portabilit\u00e0 dei dati;<\/p>\n\n\n\n<p>e)&nbsp;&nbsp;&nbsp;&nbsp;&nbsp; diritto di revocare il consenso, ove previsto (la revoca del consenso non pregiudica la liceit\u00e0 del trattamento basata sul consenso conferito prima della revoca);<\/p>\n\n\n\n<p>f)&nbsp;&nbsp;&nbsp;&nbsp;&nbsp;&nbsp; diritto di proporre reclamo all\u2019autorit\u00e0 di controllo (Garante Privacy).<\/p>\n\n\n\n<p><em><u>Estremi identificativi del Titolare del trattamento dei dati personali<\/u><\/em><\/p>\n\n\n\n<p>L\u2019interessato potr\u00e0 esercitare i diritti sopra illustrati, telefonando al numero 025458251 oppure inviando una mail all\u2019indirizzo <a href=\"mailto:info@gioffredi-law.it\">info@gioffredi-law.it<\/a> .<\/p>\n\n\n\n<p>Il Titolare del trattamento dei dati personali \u00e8 l\u2019Avv. Arturo Gioffredi domiciliato in Viale Monte Nero, 50 \u2013 20135 Milano. L\u2019elenco dei Responsabili esterni sar\u00e0 mantenuto aggiornato e sar\u00e0 inviato all\u2019interessato dietro specifica richiesta.<\/p>\n\n\n\n<p>Ulteriori informazioni relative al trattamento dei dati personali potranno essere comunicate anche verbalmente al momento della raccolta dati.<\/p>","protected":false},"excerpt":{"rendered":"<p>INFORMATIVA AI SENSI ART.13 DEL REGOLAMENTO UE 2016\/679 Il Titolare del trattamento dei dati personali Ai sensi dell\u2019art. 13 del Regolamento UE 2016\/679 (GDPR), l\u2019avv. Arturo Gioffredi domiciliato in Viale Monte Nero, 50 \u2013 20135 Milano \u00e8 il Titolare del trattamento dei Suoi dati personali. Il Titolare La informa che i dati da Lei forniti [&hellip;]<\/p>","protected":false},"author":1,"featured_media":0,"parent":0,"menu_order":0,"comment_status":"closed","ping_status":"open","template":"","meta":{"_coblocks_attr":"","_coblocks_dimensions":"","_coblocks_responsive_height":"","_coblocks_accordion_ie_support":"","_monsterinsights_skip_tracking":false,"_monsterinsights_sitenote_active":false,"_monsterinsights_sitenote_note":"","_monsterinsights_sitenote_category":0,"footnotes":""},"class_list":["post-3","page","type-page","status-publish","hentry"],"yoast_head":"<!-- This site is optimized with the Yoast SEO plugin v19.8 - https:\/\/yoast.com\/wordpress\/plugins\/seo\/ -->\n<title>Privacy Policy - Studio Legale Gioffredi<\/title>\n<meta name=\"robots\" content=\"index, follow, max-snippet:-1, max-image-preview:large, max-video-preview:-1\" \/>\n<link rel=\"canonical\" href=\"https:\/\/studiolegalegioffredi.it\/en\/privacy-policy\/\" \/>\n<meta property=\"og:locale\" content=\"en_GB\" \/>\n<meta property=\"og:type\" content=\"article\" \/>\n<meta property=\"og:title\" content=\"Privacy Policy - Studio Legale Gioffredi\" \/>\n<meta property=\"og:description\" content=\"INFORMATIVA AI SENSI ART.13 DEL REGOLAMENTO UE 2016\/679 Il Titolare del trattamento dei dati personali Ai sensi dell\u2019art. 13 del Regolamento UE 2016\/679 (GDPR), l\u2019avv. Arturo Gioffredi domiciliato in Viale Monte Nero, 50 \u2013 20135 Milano \u00e8 il Titolare del trattamento dei Suoi dati personali. Il Titolare La informa che i dati da Lei forniti [&hellip;]\" \/>\n<meta property=\"og:url\" content=\"https:\/\/studiolegalegioffredi.it\/en\/privacy-policy\/\" \/>\n<meta property=\"og:site_name\" content=\"Studio Legale Gioffredi\" \/>\n<meta property=\"article:publisher\" content=\"https:\/\/www.facebook.com\/studiolegalegioffredi\" \/>\n<meta property=\"article:modified_time\" content=\"2020-08-26T22:41:05+00:00\" \/>\n<meta name=\"twitter:card\" content=\"summary_large_image\" \/>\n<meta name=\"twitter:label1\" content=\"Estimated reading time\" \/>\n\t<meta name=\"twitter:data1\" content=\"8 minutes\" \/>\n<script type=\"application\/ld+json\" class=\"yoast-schema-graph\">{\"@context\":\"https:\/\/schema.org\",\"@graph\":[{\"@type\":\"WebPage\",\"@id\":\"https:\/\/studiolegalegioffredi.it\/privacy-policy\/\",\"url\":\"https:\/\/studiolegalegioffredi.it\/privacy-policy\/\",\"name\":\"Privacy Policy - Studio Legale Gioffredi\",\"isPartOf\":{\"@id\":\"https:\/\/studiolegalegioffredi.it\/en\/#website\"},\"datePublished\":\"2020-07-28T12:54:26+00:00\",\"dateModified\":\"2020-08-26T22:41:05+00:00\",\"breadcrumb\":{\"@id\":\"https:\/\/studiolegalegioffredi.it\/privacy-policy\/#breadcrumb\"},\"inLanguage\":\"en-GB\",\"potentialAction\":[{\"@type\":\"ReadAction\",\"target\":[\"https:\/\/studiolegalegioffredi.it\/privacy-policy\/\"]}]},{\"@type\":\"BreadcrumbList\",\"@id\":\"https:\/\/studiolegalegioffredi.it\/privacy-policy\/#breadcrumb\",\"itemListElement\":[{\"@type\":\"ListItem\",\"position\":1,\"name\":\"Home\",\"item\":\"https:\/\/studiolegalegioffredi.it\/\"},{\"@type\":\"ListItem\",\"position\":2,\"name\":\"Privacy Policy\"}]},{\"@type\":\"WebSite\",\"@id\":\"https:\/\/studiolegalegioffredi.it\/en\/#website\",\"url\":\"https:\/\/studiolegalegioffredi.it\/en\/\",\"name\":\"Studio Legale Gioffredi\",\"description\":\"\",\"publisher\":{\"@id\":\"https:\/\/studiolegalegioffredi.it\/en\/#organization\"},\"potentialAction\":[{\"@type\":\"SearchAction\",\"target\":{\"@type\":\"EntryPoint\",\"urlTemplate\":\"https:\/\/studiolegalegioffredi.it\/en\/?s={search_term_string}\"},\"query-input\":\"required name=search_term_string\"}],\"inLanguage\":\"en-GB\"},{\"@type\":\"Organization\",\"@id\":\"https:\/\/studiolegalegioffredi.it\/en\/#organization\",\"name\":\"Studio Legale Gioffredi\",\"url\":\"https:\/\/studiolegalegioffredi.it\/en\/\",\"sameAs\":[\"https:\/\/www.instagram.com\/studiolegalegioffredi\/\",\"https:\/\/www.linkedin.com\/company\/studio-legale-gioffredi\/\",\"https:\/\/www.facebook.com\/studiolegalegioffredi\"],\"logo\":{\"@type\":\"ImageObject\",\"inLanguage\":\"en-GB\",\"@id\":\"https:\/\/studiolegalegioffredi.it\/en\/#\/schema\/logo\/image\/\",\"url\":\"https:\/\/secureservercdn.net\/160.153.137.171\/ona.311.myftpupload.com\/wp-content\/uploads\/2020\/08\/logo-no-sfondo.png?time=1666420825\",\"contentUrl\":\"https:\/\/secureservercdn.net\/160.153.137.171\/ona.311.myftpupload.com\/wp-content\/uploads\/2020\/08\/logo-no-sfondo.png?time=1666420825\",\"width\":879,\"height\":291,\"caption\":\"Studio Legale Gioffredi\"},\"image\":{\"@id\":\"https:\/\/studiolegalegioffredi.it\/en\/#\/schema\/logo\/image\/\"}}]}<\/script>\n<!-- \/ Yoast SEO plugin. -->","yoast_head_json":{"title":"Privacy Policy - Studio Legale Gioffredi","robots":{"index":"index","follow":"follow","max-snippet":"max-snippet:-1","max-image-preview":"max-image-preview:large","max-video-preview":"max-video-preview:-1"},"canonical":"https:\/\/studiolegalegioffredi.it\/en\/privacy-policy\/","og_locale":"en_GB","og_type":"article","og_title":"Privacy Policy - Studio Legale Gioffredi","og_description":"INFORMATIVA AI SENSI ART.13 DEL REGOLAMENTO UE 2016\/679 Il Titolare del trattamento dei dati personali Ai sensi dell\u2019art. 13 del Regolamento UE 2016\/679 (GDPR), l\u2019avv. Arturo Gioffredi domiciliato in Viale Monte Nero, 50 \u2013 20135 Milano \u00e8 il Titolare del trattamento dei Suoi dati personali. Il Titolare La informa che i dati da Lei forniti [&hellip;]","og_url":"https:\/\/studiolegalegioffredi.it\/en\/privacy-policy\/","og_site_name":"Studio Legale Gioffredi","article_publisher":"https:\/\/www.facebook.com\/studiolegalegioffredi","article_modified_time":"2020-08-26T22:41:05+00:00","twitter_card":"summary_large_image","twitter_misc":{"Estimated reading time":"8 minutes"},"schema":{"@context":"https:\/\/schema.org","@graph":[{"@type":"WebPage","@id":"https:\/\/studiolegalegioffredi.it\/privacy-policy\/","url":"https:\/\/studiolegalegioffredi.it\/privacy-policy\/","name":"Privacy Policy - Studio Legale Gioffredi","isPartOf":{"@id":"https:\/\/studiolegalegioffredi.it\/en\/#website"},"datePublished":"2020-07-28T12:54:26+00:00","dateModified":"2020-08-26T22:41:05+00:00","breadcrumb":{"@id":"https:\/\/studiolegalegioffredi.it\/privacy-policy\/#breadcrumb"},"inLanguage":"en-GB","potentialAction":[{"@type":"ReadAction","target":["https:\/\/studiolegalegioffredi.it\/privacy-policy\/"]}]},{"@type":"BreadcrumbList","@id":"https:\/\/studiolegalegioffredi.it\/privacy-policy\/#breadcrumb","itemListElement":[{"@type":"ListItem","position":1,"name":"Home","item":"https:\/\/studiolegalegioffredi.it\/"},{"@type":"ListItem","position":2,"name":"Privacy Policy"}]},{"@type":"WebSite","@id":"https:\/\/studiolegalegioffredi.it\/en\/#website","url":"https:\/\/studiolegalegioffredi.it\/en\/","name":"Law Firm Gioffredi","description":"","publisher":{"@id":"https:\/\/studiolegalegioffredi.it\/en\/#organization"},"potentialAction":[{"@type":"SearchAction","target":{"@type":"EntryPoint","urlTemplate":"https:\/\/studiolegalegioffredi.it\/en\/?s={search_term_string}"},"query-input":"required name=search_term_string"}],"inLanguage":"en-GB"},{"@type":"Organization","@id":"https:\/\/studiolegalegioffredi.it\/en\/#organization","name":"Law Firm Gioffredi","url":"https:\/\/studiolegalegioffredi.it\/en\/","sameAs":["https:\/\/www.instagram.com\/studiolegalegioffredi\/","https:\/\/www.linkedin.com\/company\/studio-legale-gioffredi\/","https:\/\/www.facebook.com\/studiolegalegioffredi"],"logo":{"@type":"ImageObject","inLanguage":"en-GB","@id":"https:\/\/studiolegalegioffredi.it\/en\/#\/schema\/logo\/image\/","url":"https:\/\/secureservercdn.net\/160.153.137.171\/ona.311.myftpupload.com\/wp-content\/uploads\/2020\/08\/logo-no-sfondo.png?time=1666420825","contentUrl":"https:\/\/secureservercdn.net\/160.153.137.171\/ona.311.myftpupload.com\/wp-content\/uploads\/2020\/08\/logo-no-sfondo.png?time=1666420825","width":879,"height":291,"caption":"Studio Legale Gioffredi"},"image":{"@id":"https:\/\/studiolegalegioffredi.it\/en\/#\/schema\/logo\/image\/"}}]}},"_links":{"self":[{"href":"https:\/\/studiolegalegioffredi.it\/en\/wp-json\/wp\/v2\/pages\/3","targetHints":{"allow":["GET"]}}],"collection":[{"href":"https:\/\/studiolegalegioffredi.it\/en\/wp-json\/wp\/v2\/pages"}],"about":[{"href":"https:\/\/studiolegalegioffredi.it\/en\/wp-json\/wp\/v2\/types\/page"}],"author":[{"embeddable":true,"href":"https:\/\/studiolegalegioffredi.it\/en\/wp-json\/wp\/v2\/users\/1"}],"replies":[{"embeddable":true,"href":"https:\/\/studiolegalegioffredi.it\/en\/wp-json\/wp\/v2\/comments?post=3"}],"version-history":[{"count":2,"href":"https:\/\/studiolegalegioffredi.it\/en\/wp-json\/wp\/v2\/pages\/3\/revisions"}],"predecessor-version":[{"id":1822,"href":"https:\/\/studiolegalegioffredi.it\/en\/wp-json\/wp\/v2\/pages\/3\/revisions\/1822"}],"wp:attachment":[{"href":"https:\/\/studiolegalegioffredi.it\/en\/wp-json\/wp\/v2\/media?parent=3"}],"curies":[{"name":"wp","href":"https:\/\/api.w.org\/{rel}","templated":true}]}}